{"id":97,"date":"2024-09-24T10:47:28","date_gmt":"2024-09-24T10:47:28","guid":{"rendered":"https:\/\/nicola.pt\/?page_id=97"},"modified":"2024-09-24T10:47:59","modified_gmt":"2024-09-24T10:47:59","slug":"politica-de-privacidade","status":"publish","type":"page","link":"https:\/\/nicola.pt\/es\/politica-de-privacidade\/","title":{"rendered":"Pol\u00edtica de Privacidad"},"content":{"rendered":"<div data-elementor-type=\"wp-page\" data-elementor-id=\"97\" class=\"elementor elementor-97\" data-elementor-post-type=\"page\">\n\t\t\t\t\t\t<section class=\"elementor-section elementor-top-section elementor-element elementor-element-cf278cb elementor-section-height-min-height elementor-section-content-middle elementor-section-boxed elementor-section-height-default elementor-section-items-middle\" data-id=\"cf278cb\" data-element_type=\"section\" data-settings=\"{&quot;background_background&quot;:&quot;classic&quot;}\">\n\t\t\t\t\t\t<div class=\"elementor-container elementor-column-gap-default\">\n\t\t\t\t\t<div class=\"elementor-column elementor-col-100 elementor-top-column elementor-element elementor-element-f746201\" data-id=\"f746201\" data-element_type=\"column\">\n\t\t\t<div class=\"elementor-widget-wrap elementor-element-populated\">\n\t\t\t\t\t\t<div class=\"elementor-element elementor-element-0d19b26 elementor-widget elementor-widget-heading\" data-id=\"0d19b26\" data-element_type=\"widget\" data-widget_type=\"heading.default\">\n\t\t\t\t<div class=\"elementor-widget-container\">\n\t\t\t\t\t<h2 class=\"elementor-heading-title elementor-size-default\">Pol\u00edtica de Privacidad<\/h2>\t\t\t\t<\/div>\n\t\t\t\t<\/div>\n\t\t\t\t\t<\/div>\n\t\t<\/div>\n\t\t\t\t\t<\/div>\n\t\t<\/section>\n\t\t\t\t<section class=\"elementor-section elementor-top-section elementor-element elementor-element-b0165ed elementor-section-boxed elementor-section-height-default elementor-section-height-default\" data-id=\"b0165ed\" data-element_type=\"section\">\n\t\t\t\t\t\t<div class=\"elementor-container elementor-column-gap-default\">\n\t\t\t\t\t<div class=\"elementor-column elementor-col-100 elementor-top-column elementor-element elementor-element-0d9572d\" data-id=\"0d9572d\" data-element_type=\"column\">\n\t\t\t<div class=\"elementor-widget-wrap elementor-element-populated\">\n\t\t\t\t\t\t<div class=\"elementor-element elementor-element-98d0324 elementor-widget elementor-widget-text-editor\" data-id=\"98d0324\" data-element_type=\"widget\" data-widget_type=\"text-editor.default\">\n\t\t\t\t<div class=\"elementor-widget-container\">\n\t\t\t\t\t\t\t\t\t<p><\/p>\n<h4 class=\"wp-block-heading\">1. Pol\u00edtica de Privacidade<\/h4>\n<p>A utiliza\u00e7\u00e3o deste website est\u00e1 sujeita \u00e0 presente Pol\u00edtica de Privacidade, devendo o Utilizador reler os respetivos termos em cada nova utiliza\u00e7\u00e3o a fim de verificar se concorda com a mesma.<\/p>\n<h4>&nbsp;<\/h4>\n<h4>2. Dados Pessoais<\/h4>\n<p>A&nbsp;<strong>Massimo Zanetti Beverage Iberia&nbsp;SA<\/strong>&nbsp;garante o respeito pela privacidade dos Utilizadores.<\/p>\n<p>A&nbsp;<strong>Massimo Zanetti Beverage Iberia&nbsp;SA<\/strong>&nbsp;recolhe os seus dados por telefone, por escrito ou atrav\u00e9s do seu website, mediante o seu consentimento expresso. Por regra, os dados pessoais s\u00e3o recolhidos quando o Utilizador subscreve um dos nossos produtos ou servi\u00e7os.<\/p>\n<p>Alguns dados pessoais s\u00e3o de fornecimento obrigat\u00f3rio e, em caso de falta ou insufici\u00eancia desses dados, a&nbsp;<strong>Massimo Zanetti Beverage Iberia&nbsp;SA<\/strong>&nbsp;n\u00e3o poder\u00e1 disponibilizar o produto ou servi\u00e7o em causa pelo que a&nbsp;<strong>Massimo Zanetti Beverage Iberia&nbsp;SA<\/strong>&nbsp;informar\u00e1 os Utilizadores da natureza obrigat\u00f3ria do fornecimento de dados.<\/p>\n<p>A&nbsp;<strong>Massimo Zanetti Beverage Iberia&nbsp;SA<\/strong>&nbsp;procede \u00e0 recolha e ao tratamento dos dados pessoais necess\u00e1rios \u00e0 presta\u00e7\u00e3o de servi\u00e7os e\/ou fornecimento de produtos, tratando nesse \u00e2mbito de dados como o nome, a morada, o n\u00famero de telefone ou telem\u00f3vel e o endere\u00e7o de correio eletr\u00f3nico.<\/p>\n<p>Nos termos da legisla\u00e7\u00e3o em vigor em mat\u00e9ria de prote\u00e7\u00e3o de dados pessoais, os dados recolhidos pela&nbsp;<strong>Massimo Zanetti Beverage Iberia&nbsp;SA<\/strong>&nbsp;ser\u00e3o processados e armazenados informaticamente.<\/p>\n<p>Os dados pessoais que nos proporcionar ser\u00e3o mantidos em ficheiro pela&nbsp;<strong>Massimo Zanetti Beverage Iberia&nbsp;SA<\/strong>, empresa respons\u00e1vel pelo tratamento dos mesmos, tratamento esse que tem em vista as seguintes finalidades:<\/p>\n<p>a. Celebra\u00e7\u00e3o e execu\u00e7\u00e3o do contrato relativo aos produtos selecionados pelo utilizador;<br>b. Satisfazer pedidos dos utilizadores;<br>c. Fornecer ao utilizador informa\u00e7\u00e3o sobre os produtos da Massimo Zanetti Beverage Iberia&nbsp;SA, o envio de mensagens comerciais por correio eletr\u00f3nico ou qualquer outro meio eletr\u00f3nico autom\u00e1tico equivalente (tais como SMS, MMS ou qualquer outro servi\u00e7o de comunica\u00e7\u00f5es eletr\u00f3nicas), assim como atrav\u00e9s de contacto telef\u00f3nico, salvo se o Utilizador se tiver oposto aquando da recolha dos dados;<br>d.A\u00e7\u00f5es de informa\u00e7\u00e3o e marketing.<\/p>\n<p>O utilizador poder\u00e1 modificar as suas prefer\u00eancias relativamente ao envio de tais comunica\u00e7\u00f5es comerciais enviando um e-mail para <a href=\"mailto:marketing@mzbi.pt\">marketing@mzbi.pt<\/a>&nbsp;assim como indicar a sua oposi\u00e7\u00e3o.<\/p>\n<h4>&nbsp;<\/h4>\n<h4>3. Utilizador<\/h4>\n<p>O Utilizador garante que os dados pessoais fornecidos s\u00e3o verdadeiros e exatos, e compromete-se a notificar qualquer altera\u00e7\u00e3o dos mesmos. Quaisquer perdas ou danos causados a este s\u00edtio web ou \u00e0 pessoa respons\u00e1vel pelo s\u00edtio web ou a terceiros resultantes de informa\u00e7\u00e3o errada, inexata ou incompleta dos formul\u00e1rios de registo ser\u00e1 da exclusiva responsabilidade do Utilizador.<\/p>\n<h4>&nbsp;<\/h4>\n<h4>4. Confidencialidade<\/h4>\n<p>A&nbsp;<strong>Massimo Zanetti Beverage Iberia&nbsp;SA<\/strong>, com sede na&nbsp;<strong>Rua das Fontainhas, 74 &#8211; Venda Nova, 2700-391 Amadora<\/strong>, compromete-se a manter a confidencialidade dos dados pessoais do utilizador e a assegurar o exerc\u00edcio do direito de acesso, retifica\u00e7\u00e3o, cancelamento e oposi\u00e7\u00e3o atrav\u00e9s do envio de carta para a morada acima indicada.<\/p>\n<h4>&nbsp;<\/h4>\n<h4>5. Subcontratados e Transfer\u00eancia de Dados Pessoais<\/h4>\n<p>Os dados pessoais, incluindo os dados de tr\u00e1fego, as bases de dados e outras opera\u00e7\u00f5es, poder\u00e3o ser alojados, partilhados e comunicados a outras empresas do Grupo&nbsp;<strong>Massimo Zanetti Beverage Iberia&nbsp;SA<\/strong>, nos termos e condi\u00e7\u00f5es legalmente definidos.<\/p>\n<p>A&nbsp;<strong>Massimo Zanetti Beverage Iberia&nbsp;SA<\/strong>&nbsp;pode ainda recorrer a entidades subcontratante para a totalidade ou parte das finalidades indicados em cima, bem como para manuten\u00e7\u00e3o, alojamento e gest\u00e3o dos seus sistemas e equipamentos inform\u00e1ticos, nos termos permitidos pela legisla\u00e7\u00e3o que regula o tratamento de dados pessoais, ficando estas entidades obrigadas a guardar sigilo e a garantir a seguran\u00e7a relativamente aos dados dos Clientes da&nbsp;<strong>Massimo Zanetti Beverage Iberia&nbsp;SA<\/strong>&nbsp;a que, para o efeito, tenham acesso, n\u00e3o devendo utilizar esses dados para quaisquer outros fins, ou em benef\u00edcio pr\u00f3prio, nem relacion\u00e1-los com outros dados que possuam.<\/p>\n<p>Nos casos em que os dados dos Utilizadores sejam transferidos ou alojados noutras empresas do Grupo&nbsp;<strong>Massimo Zanetti Beverage Iberia&nbsp;SA<\/strong>, os n\u00edveis de seguran\u00e7a e prote\u00e7\u00e3o n\u00e3o ser\u00e3o inferiores aos prestados pela&nbsp;<strong>Massimo Zanetti Beverage Iberia&nbsp;SA<\/strong>.<\/p>\n<h4>&nbsp;<\/h4>\n<h4>6. Comunica\u00e7\u00f5es de Dados Pessoais<\/h4>\n<p>A&nbsp;<strong>Massimo Zanetti Beverage Iberia&nbsp;SA<\/strong>, compromete-se a n\u00e3o ceder a entidades externas a informa\u00e7\u00e3o pessoal dos Utilizadores. A&nbsp;<strong>Massimo Zanetti Beverage Iberia&nbsp;SA<\/strong>&nbsp;apenas partilhar\u00e1 os seus dados pessoais com o consentimento ou se exigido por lei, nos seguintes casos:<\/p>\n<p>\u00b7 Com os parceiros para que possam atribuir as vantagens e benef\u00edcios associados \u00e0s respetivas campanhas e promo\u00e7\u00f5es;<br>\u00b7 Quando exigido por lei, \u00e0s entidades judici\u00e1rias competentes.<\/p>\n<p>Todo e qualquer tratamento de dados pessoais ser\u00e1 feito em conformidade com a legisla\u00e7\u00e3o aplic\u00e1vel.<\/p>\n<h4>&nbsp;<\/h4>\n<h4>7.&nbsp; Conserva\u00e7\u00e3o dos Dados<\/h4>\n<p>Os seus dados pessoais ser\u00e3o armazenados e conservados apenas pelo per\u00edodo m\u00ednimo necess\u00e1rio para as finalidades que motivaram a sua recolha ou o seu posterior tratamento ou, pelo per\u00edodo de tempo autorizado pela Comiss\u00e3o Nacional de Prote\u00e7\u00e3o de Dados, findo o qual os mesmos ser\u00e3o eliminados.<\/p>\n<h4>&nbsp;<\/h4>\n<h4>8. Direito de Acesso, Corre\u00e7\u00e3o, Oposi\u00e7\u00e3o e Elimina\u00e7\u00e3o<\/h4>\n<p>Nos termos da legisla\u00e7\u00e3o portuguesa aplic\u00e1vel, o Utilizador tem o direito de acesso aos seus dados pessoais, podendo solicitar a sua corre\u00e7\u00e3o ou aditamento, mediante carta para a sede&nbsp;<strong>Rua das Fontainhas, 74 &#8211; Venda Nova, 2700-391 Amadora<\/strong>, ou atrav\u00e9s do endere\u00e7o de correio eletr\u00f3nico <a href=\"mailto:marketing@mzbi.pt\">marketing@mzbi.pt<\/a>.<\/p>\n<p>O Utilizador pode, ainda, a qualquer momento, opor-se ao tratamento dos dados, com exce\u00e7\u00e3o dos dados estritamente necess\u00e1rios \u00e0 presta\u00e7\u00e3o de servi\u00e7o, e\/ou requerer a elimina\u00e7\u00e3o dos seus dados para fins de marketing, devendo para o efeito contactar a&nbsp;<strong>Massimo Zanetti Beverage Iberia&nbsp;SA<\/strong>, por escrito para a sede da empresa na morada&nbsp;<strong>Rua das Fontainhas, 74 &#8211; Venda Nova, 2700-391 Amadora<\/strong>, ou atrav\u00e9s do email&nbsp;<a href=\"mailto:lojaonline@mzbi.pt\">marketing@mzbi.pt<\/a>.<\/p>\n<h4>&nbsp;<\/h4>\n<h4>9. Direito \u00e0 Portabilidade dos Dados<\/h4>\n<p>O Utilizador tem o direito de receber os dados pessoais que lhe digam respeito e que tenha fornecido a um respons\u00e1vel pelo tratamento, num formato estruturado, de uso corrente e de leitura autom\u00e1tica, e o direito de transmitir esses dados a outro respons\u00e1vel pelo tratamento, nos termos da legisla\u00e7\u00e3o em vigor em mat\u00e9ria de prote\u00e7\u00e3o de dados pessoais.<\/p>\n<h4>&nbsp;<\/h4>\n<h4>10. Cookies<\/h4>\n<p>Cookies s\u00e3o pequenas etiquetas de software que s\u00e3o armazenadas no seu computador atrav\u00e9s do navegador (browser), retendo apenas informa\u00e7\u00e3o relacionada com as suas prefer\u00eancias, n\u00e3o incluindo, como tal, os seus dados pessoais.<\/p>\n<p>Neste website utilizamos cookies, que s\u00e3o pequenos ficheiros de texto com informa\u00e7\u00e3o sobre a sua navega\u00e7\u00e3o neste site e cujo principal objetivo \u00e9 melhorar a sua experi\u00eancia na web. Pode encontrar mais informa\u00e7\u00f5es sobre os cookies que utilizamos, a sua finalidade e outras informa\u00e7\u00f5es de interesse na seguinte liga\u00e7\u00e3o: Pol\u00edtica de Cookies<\/p>\n<p>Ao aceitar esta Pol\u00edtica de Privacidade est\u00e1 a concordar com o uso de cookies existentes neste site e descrito na p\u00e1gina indicada acima.<\/p>\n<h4>&nbsp;<\/h4>\n<h4>11. Medidas de Seguran\u00e7a para Prote\u00e7\u00e3o dos Dados Pessoais<\/h4>\n<p>A prote\u00e7\u00e3o e salvaguarda dos dados pessoais dos Utilizadores s\u00e3o um elemento basilar na forma como a&nbsp;<strong>Massimo Zanetti Beverage Iberia&nbsp;SA<\/strong>, presta os seus servi\u00e7os. Deste modo, foram adotadas diversas medidas de seguran\u00e7a, de car\u00e1cter t\u00e9cnico e organizativo, de forma a proteger os dados pessoais que nos s\u00e3o disponibilizados contra a sua difus\u00e3o, perda, uso indevido, altera\u00e7\u00e3o, tratamento ou acesso n\u00e3o autorizado, bem como, contra qualquer outra forma de tratamento il\u00edcito.<\/p>\n<h4>&nbsp;<\/h4>\n<h4>12.&nbsp;Disposi\u00e7\u00f5es Finais<\/h4>\n<p>A&nbsp;<strong>Massimo Zanetti Beverage Iberia&nbsp;SA<\/strong>&nbsp;reserva-se no direito de, a qualquer momento, alterar ou reajustar esta Pol\u00edtica de Privacidade, sendo essas altera\u00e7\u00f5es devidamente publicitadas no nosso website.<\/p>\n<p>Caso tenha alguma d\u00favida ou quest\u00e3o sobre a Pol\u00edtica de privacidade ou sobre a forma como as empresas do Grupo&nbsp;<strong>Massimo Zanetti Beverage Iberia&nbsp;SA<\/strong>&nbsp;recolhem e tratam os seus dados pessoais poder\u00e1 entrar em contacto connosco atrav\u00e9s do email&nbsp;<a href=\"mailto:geral@mzbi.pt\">marketing@mzbi.pt<\/a>&nbsp;ou atrav\u00e9s de carta registada para a seguinte morada da sede da empresa sita em&nbsp;<strong>Rua das Fontainhas, 74 &#8211; Venda Nova, 2700-391 Amadora<\/strong>.<\/p>\n<p><\/p>\t\t\t\t\t\t\t\t<\/div>\n\t\t\t\t<\/div>\n\t\t\t\t\t<\/div>\n\t\t<\/div>\n\t\t\t\t\t<\/div>\n\t\t<\/section>\n\t\t\t\t<\/div>","protected":false},"excerpt":{"rendered":"<p>Pol\u00edtica de Privacidade 1. Pol\u00edtica de Privacidade A utiliza\u00e7\u00e3o deste website est\u00e1 sujeita \u00e0 presente Pol\u00edtica de Privacidade, devendo o Utilizador reler os respetivos termos em cada nova utiliza\u00e7\u00e3o a fim de verificar se concorda com a mesma. &nbsp; 2. Dados Pessoais A&nbsp;Massimo Zanetti Beverage Iberia&nbsp;SA&nbsp;garante o respeito pela privacidade dos Utilizadores. A&nbsp;Massimo Zanetti Beverage [&hellip;]<\/p>","protected":false},"author":2,"featured_media":0,"parent":0,"menu_order":0,"comment_status":"closed","ping_status":"closed","template":"","meta":{"_acf_changed":false,"footnotes":""},"class_list":["post-97","page","type-page","status-publish","hentry"],"acf":[],"yoast_head":"<!-- This site is optimized with the Yoast SEO plugin v26.7 - https:\/\/yoast.com\/wordpress\/plugins\/seo\/ -->\n<title>Pol\u00edtica de Privacidade - Nicola Caf\u00e9<\/title>\n<meta name=\"robots\" content=\"index, follow, max-snippet:-1, max-image-preview:large, max-video-preview:-1\" \/>\n<link rel=\"canonical\" href=\"https:\/\/nicola.pt\/es\/politica-de-privacidade\/\" \/>\n<meta property=\"og:locale\" content=\"es_ES\" \/>\n<meta property=\"og:type\" content=\"article\" \/>\n<meta property=\"og:title\" content=\"Pol\u00edtica de Privacidade - Nicola Caf\u00e9\" \/>\n<meta property=\"og:description\" content=\"Pol\u00edtica de Privacidade 1. Pol\u00edtica de Privacidade A utiliza\u00e7\u00e3o deste website est\u00e1 sujeita \u00e0 presente Pol\u00edtica de Privacidade, devendo o Utilizador reler os respetivos termos em cada nova utiliza\u00e7\u00e3o a fim de verificar se concorda com a mesma. &nbsp; 2. Dados Pessoais A&nbsp;Massimo Zanetti Beverage Iberia&nbsp;SA&nbsp;garante o respeito pela privacidade dos Utilizadores. A&nbsp;Massimo Zanetti Beverage [&hellip;]\" \/>\n<meta property=\"og:url\" content=\"https:\/\/nicola.pt\/es\/politica-de-privacidade\/\" \/>\n<meta property=\"og:site_name\" content=\"Nicola Caf\u00e9\" \/>\n<meta property=\"article:modified_time\" content=\"2024-09-24T10:47:59+00:00\" \/>\n<meta name=\"twitter:card\" content=\"summary_large_image\" \/>\n<meta name=\"twitter:label1\" content=\"Tiempo de lectura\" \/>\n\t<meta name=\"twitter:data1\" content=\"7 minutos\" \/>\n<script type=\"application\/ld+json\" class=\"yoast-schema-graph\">{\"@context\":\"https:\/\/schema.org\",\"@graph\":[{\"@type\":\"WebPage\",\"@id\":\"https:\/\/nicola.pt\/politica-de-privacidade\/\",\"url\":\"https:\/\/nicola.pt\/politica-de-privacidade\/\",\"name\":\"Pol\u00edtica de Privacidade - Nicola Caf\u00e9\",\"isPartOf\":{\"@id\":\"https:\/\/nicola.pt\/#website\"},\"datePublished\":\"2024-09-24T10:47:28+00:00\",\"dateModified\":\"2024-09-24T10:47:59+00:00\",\"breadcrumb\":{\"@id\":\"https:\/\/nicola.pt\/politica-de-privacidade\/#breadcrumb\"},\"inLanguage\":\"es\",\"potentialAction\":[{\"@type\":\"ReadAction\",\"target\":[\"https:\/\/nicola.pt\/politica-de-privacidade\/\"]}]},{\"@type\":\"BreadcrumbList\",\"@id\":\"https:\/\/nicola.pt\/politica-de-privacidade\/#breadcrumb\",\"itemListElement\":[{\"@type\":\"ListItem\",\"position\":1,\"name\":\"Home\",\"item\":\"https:\/\/nicola.pt\/\"},{\"@type\":\"ListItem\",\"position\":2,\"name\":\"Pol\u00edtica de Privacidade\"}]},{\"@type\":\"WebSite\",\"@id\":\"https:\/\/nicola.pt\/#website\",\"url\":\"https:\/\/nicola.pt\/\",\"name\":\"Nicola Caf\u00e9\",\"description\":\"Desde 1779\",\"publisher\":{\"@id\":\"https:\/\/nicola.pt\/#organization\"},\"potentialAction\":[{\"@type\":\"SearchAction\",\"target\":{\"@type\":\"EntryPoint\",\"urlTemplate\":\"https:\/\/nicola.pt\/?s={search_term_string}\"},\"query-input\":{\"@type\":\"PropertyValueSpecification\",\"valueRequired\":true,\"valueName\":\"search_term_string\"}}],\"inLanguage\":\"es\"},{\"@type\":\"Organization\",\"@id\":\"https:\/\/nicola.pt\/#organization\",\"name\":\"Nicola Caf\u00e9\",\"url\":\"https:\/\/nicola.pt\/\",\"logo\":{\"@type\":\"ImageObject\",\"inLanguage\":\"es\",\"@id\":\"https:\/\/nicola.pt\/#\/schema\/logo\/image\/\",\"url\":\"https:\/\/nicola.pt\/wp-content\/uploads\/2024\/09\/logo.jpg\",\"contentUrl\":\"https:\/\/nicola.pt\/wp-content\/uploads\/2024\/09\/logo.jpg\",\"width\":617,\"height\":617,\"caption\":\"Nicola Caf\u00e9\"},\"image\":{\"@id\":\"https:\/\/nicola.pt\/#\/schema\/logo\/image\/\"}}]}<\/script>\n<!-- \/ Yoast SEO plugin. -->","yoast_head_json":{"title":"Pol\u00edtica de Privacidade - Nicola Caf\u00e9","robots":{"index":"index","follow":"follow","max-snippet":"max-snippet:-1","max-image-preview":"max-image-preview:large","max-video-preview":"max-video-preview:-1"},"canonical":"https:\/\/nicola.pt\/es\/politica-de-privacidade\/","og_locale":"es_ES","og_type":"article","og_title":"Pol\u00edtica de Privacidade - Nicola Caf\u00e9","og_description":"Pol\u00edtica de Privacidade 1. Pol\u00edtica de Privacidade A utiliza\u00e7\u00e3o deste website est\u00e1 sujeita \u00e0 presente Pol\u00edtica de Privacidade, devendo o Utilizador reler os respetivos termos em cada nova utiliza\u00e7\u00e3o a fim de verificar se concorda com a mesma. &nbsp; 2. Dados Pessoais A&nbsp;Massimo Zanetti Beverage Iberia&nbsp;SA&nbsp;garante o respeito pela privacidade dos Utilizadores. A&nbsp;Massimo Zanetti Beverage [&hellip;]","og_url":"https:\/\/nicola.pt\/es\/politica-de-privacidade\/","og_site_name":"Nicola Caf\u00e9","article_modified_time":"2024-09-24T10:47:59+00:00","twitter_card":"summary_large_image","twitter_misc":{"Tiempo de lectura":"7 minutos"},"schema":{"@context":"https:\/\/schema.org","@graph":[{"@type":"WebPage","@id":"https:\/\/nicola.pt\/politica-de-privacidade\/","url":"https:\/\/nicola.pt\/politica-de-privacidade\/","name":"Pol\u00edtica de Privacidade - Nicola Caf\u00e9","isPartOf":{"@id":"https:\/\/nicola.pt\/#website"},"datePublished":"2024-09-24T10:47:28+00:00","dateModified":"2024-09-24T10:47:59+00:00","breadcrumb":{"@id":"https:\/\/nicola.pt\/politica-de-privacidade\/#breadcrumb"},"inLanguage":"es","potentialAction":[{"@type":"ReadAction","target":["https:\/\/nicola.pt\/politica-de-privacidade\/"]}]},{"@type":"BreadcrumbList","@id":"https:\/\/nicola.pt\/politica-de-privacidade\/#breadcrumb","itemListElement":[{"@type":"ListItem","position":1,"name":"Home","item":"https:\/\/nicola.pt\/"},{"@type":"ListItem","position":2,"name":"Pol\u00edtica de Privacidade"}]},{"@type":"WebSite","@id":"https:\/\/nicola.pt\/#website","url":"https:\/\/nicola.pt\/","name":"Nicola Caf\u00e9","description":"Desde 1779","publisher":{"@id":"https:\/\/nicola.pt\/#organization"},"potentialAction":[{"@type":"SearchAction","target":{"@type":"EntryPoint","urlTemplate":"https:\/\/nicola.pt\/?s={search_term_string}"},"query-input":{"@type":"PropertyValueSpecification","valueRequired":true,"valueName":"search_term_string"}}],"inLanguage":"es"},{"@type":"Organization","@id":"https:\/\/nicola.pt\/#organization","name":"Nicola Caf\u00e9","url":"https:\/\/nicola.pt\/","logo":{"@type":"ImageObject","inLanguage":"es","@id":"https:\/\/nicola.pt\/#\/schema\/logo\/image\/","url":"https:\/\/nicola.pt\/wp-content\/uploads\/2024\/09\/logo.jpg","contentUrl":"https:\/\/nicola.pt\/wp-content\/uploads\/2024\/09\/logo.jpg","width":617,"height":617,"caption":"Nicola Caf\u00e9"},"image":{"@id":"https:\/\/nicola.pt\/#\/schema\/logo\/image\/"}}]}},"_links":{"self":[{"href":"https:\/\/nicola.pt\/es\/wp-json\/wp\/v2\/pages\/97","targetHints":{"allow":["GET"]}}],"collection":[{"href":"https:\/\/nicola.pt\/es\/wp-json\/wp\/v2\/pages"}],"about":[{"href":"https:\/\/nicola.pt\/es\/wp-json\/wp\/v2\/types\/page"}],"author":[{"embeddable":true,"href":"https:\/\/nicola.pt\/es\/wp-json\/wp\/v2\/users\/2"}],"replies":[{"embeddable":true,"href":"https:\/\/nicola.pt\/es\/wp-json\/wp\/v2\/comments?post=97"}],"version-history":[{"count":4,"href":"https:\/\/nicola.pt\/es\/wp-json\/wp\/v2\/pages\/97\/revisions"}],"predecessor-version":[{"id":101,"href":"https:\/\/nicola.pt\/es\/wp-json\/wp\/v2\/pages\/97\/revisions\/101"}],"wp:attachment":[{"href":"https:\/\/nicola.pt\/es\/wp-json\/wp\/v2\/media?parent=97"}],"curies":[{"name":"wp","href":"https:\/\/api.w.org\/{rel}","templated":true}]}}